{"id":3680,"date":"2020-03-10T14:05:59","date_gmt":"2020-03-10T13:05:59","guid":{"rendered":"http:\/\/avadol.ch\/?page_id=3680"},"modified":"2020-04-17T13:16:49","modified_gmt":"2020-04-17T12:16:49","slug":"adresses-utiles-2","status":"publish","type":"page","link":"https:\/\/avadol.ch\/?page_id=3680","title":{"rendered":"Adresses utiles"},"content":{"rendered":"<p>[vc_row][vc_column][vc_custom_heading text=\u00a0\u00bbENTRAIDE VALAISANNE\u00a0\u00bb font_container=\u00a0\u00bbtag:h2|font_size:25px|text_align:center|line_height:35px\u00a0\u00bb el_class=\u00a0\u00bbbottom-line line-center\u00a0\u00bb][\/vc_column][\/vc_row][vc_row][vc_column width=\u00a0\u00bb1\/2&Prime;][vc_column_text css=\u00a0\u00bb.vc_custom_1585828882172{margin-top: 25px !important;}\u00a0\u00bb]<\/p>\n<p style=\"text-align: center;\"><span class=\"ContentBox\"><b>Proches aidants<\/b><br \/>\n<a href=\"http:\/\/www.proches-aidants-valais.ch\/\" onclick=\"window.open(this.href);return false\">http:\/\/www.proches-aidants-valais.ch\/<\/a><\/span><\/p>\n<p style=\"text-align: center;\"><span class=\"ContentBox\"><b>Emera\u00a0<\/b><br \/>\n<a href=\"http:\/\/www.emera.ch\/\" onclick=\"window.open(this.href);return false\">http:\/\/www.emera.ch\/<\/a><\/span><\/p>\n<p style=\"text-align: center;\"><span class=\"ContentBox\"><b>Croix-Rouge Valais<\/b><br \/>\n<a href=\"http:\/\/www.croix-rouge-valais.ch\" onclick=\"window.open(this.href);return false\">http:\/\/www.croix-rouge-valais.ch\/\u00a0<\/a><\/span><\/p>\n<p style=\"text-align: center;\"><span class=\"ContentBox\"><b>Procap\u00a0<\/b><br \/>\n<a href=\"http:\/\/www.procap.ch\" onclick=\"window.open(this.href);return false\">http:\/\/www.procap.ch\u00a0<\/a><\/span><\/p>\n<p style=\"text-align: center;\"><span class=\"ContentBox\"><b>Pro Senectute\u00a0<\/b><br \/>\n<a href=\"http:\/\/www.vs.pro-senectute.ch\" onclick=\"window.open(this.href);return false\">http:\/\/www.vs.pro-senectute.ch\/\u00a0<\/a><\/span><\/p>\n<p style=\"text-align: center;\"><span class=\"ContentBox\"><b>R\u00e9seau d\u2019entraide valaisan\u00a0<\/b><br \/>\n<a href=\"http:\/\/www.revs.ch\/fr\/\" onclick=\"window.open(this.href);return false\">\u00a0http:\/\/www.revs.ch\/fr\/<\/a><\/span><\/p>\n<p style=\"text-align: center;\"><span class=\"ContentBox\"><b>Soci\u00e9t\u00e9 m\u00e9dicale du Valais <\/b><br \/>\n<a href=\"http:\/\/www.smvs.ch\/fr\/\" onclick=\"window.open(this.href);return false\">\u00a0http:\/\/www.smvs.ch\/fr\/<\/a><\/span><\/p>\n<p style=\"text-align: center;\"><span class=\"ContentBox\"><strong>Association de d\u00e9fense des patients domicili\u00e9s en Valais <\/strong><br \/>\n<a href=\"https:\/\/adpval.ch\/fr\/\" onclick=\"window.open(this.href);return false\">\u00a0https:\/\/adpval.ch\/fr\/<\/a><\/span>[\/vc_column_text][\/vc_column][vc_column width=\u00a0\u00bb1\/2&Prime;][vc_column_text css=\u00a0\u00bb.vc_custom_1585828893741{margin-top: 25px !important;}\u00a0\u00bb]<\/p>\n<p style=\"text-align: center;\"><span class=\"ContentBox\"><strong>Maraval<\/strong><br \/>\n<a href=\"https:\/\/maraval.ch\/\" onclick=\"window.open(this.href);return false\">\u00a0https:\/\/maraval.ch\/<\/a><\/span><\/p>\n<p style=\"text-align: center;\"><span class=\"ContentBox\"><strong>Ligue Valaisanne contre le rhumatismes<\/strong><br \/>\n<a href=\"https:\/\/www.ligues-rhumatisme.ch\/vs\" onclick=\"window.open(this.href);return false\">\u00a0https:\/\/www.ligues-rhumatisme.ch\/vs<\/a><\/span><\/p>\n<p style=\"text-align: center;\"><span class=\"ContentBox\"><b>Soci\u00e9t\u00e9 m\u00e9dicale du Valais <\/b><br \/>\n<a href=\"http:\/\/www.smvs.ch\/fr\/\" onclick=\"window.open(this.href);return false\">\u00a0http:\/\/www.smvs.ch\/fr\/<\/a><\/span><\/p>\n<p style=\"text-align: center;\"><strong>Fibromyalgie Valais<\/strong><br \/>\n<a href=\"http:\/\/www.suisse-fibromyalgie.ch\/fr\/entraide\/valais\">http:\/\/www.suisse-fibromyalgie.ch\/fr\/entraide\/valais<\/a><\/p>\n<p style=\"text-align: center;\"><strong>Association des Di\u00e9t\u00e9ticiennes ASDD<\/strong><br \/>\n<a href=\"https:\/\/www.gvsdd.ch\/\">https:\/\/www.gvsdd.ch\/<\/a><\/p>\n<p style=\"text-align: center;\"><strong>Association suisse des Physioth\u00e9rapeutes<\/strong><br \/>\n<a href=\"https:\/\/www.physioswiss.ch\/fr\">https:\/\/www.physioswiss.ch\/fr<\/a><\/p>\n<p style=\"text-align: center;\"><strong>Association des Ost\u00e9opathes<\/strong><br \/>\n<a href=\"http:\/\/www.osteopathie-valais.ch\/\">http:\/\/www.osteopathie-valais.ch\/<\/a>[\/vc_column_text][\/vc_column][vc_column][vc_separator color=\u00a0\u00bbblack\u00a0\u00bb][\/vc_column][\/vc_row][vc_row][vc_column width=\u00a0\u00bb1\/2&Prime;][vc_custom_heading text=\u00a0\u00bbCentres d&rsquo;antalgie Romands\u00a0\u00bb font_container=\u00a0\u00bbtag:h2|font_size:25px|text_align:center|line_height:35px\u00a0\u00bb el_class=\u00a0\u00bbbottom-line line-center\u00a0\u00bb][vc_column_text css=\u00a0\u00bb.vc_custom_1587116671096{margin-top: 25px !important;}\u00a0\u00bb]<\/p>\n<p style=\"text-align: center;\"><strong>Centre du traitement de la douleur, Martigny VS<\/strong><br \/>\nhttps:\/\/www.hopitalduvalais.ch\/fr\/disciplines-medicales\/disciplines-de-a-a-z\/anesthesiologie-et-reanimation\/centre-du-traitement-de-la-douleur.html<\/p>\n<p style=\"text-align: center;\"><strong>Institut Suisse de la douleur, Lausanne VD<\/strong><br \/>\nhttps:\/\/www.swisspain.ch\/<\/p>\n<p style=\"text-align: center;\"><strong>Centre d&rsquo;antalgie du CHUV, Lausanne VD<\/strong><br \/>\nhttps:\/\/www.chuv.ch\/fr\/anesthesiologie\/alg-home\/patients-et-familles\/centre-dantalgie\/<\/p>\n<p style=\"text-align: center;\"><strong>Centre Anti-Douleur, Lausanne VD<\/strong><br \/>\nhttps:\/\/www.analgesie.ch\/contact<\/p>\n<p style=\"text-align: center;\"><strong>Centre d&rsquo;antalgie &#8211; H\u00f4pital de Morges, VD<\/strong><br \/>\nhttps:\/\/www.ehc-vd.ch\/prestation\/antalgie-traitement-de-la-douleur<\/p>\n<p style=\"text-align: center;\"><strong>Etablissement Hospitaliers du Nord Vaudois<\/strong><br \/>\nhttps:\/\/www.ehnv.ch\/specialites\/anesthesiologie<\/p>\n<p style=\"text-align: center;\"><strong>H\u00f4pitaux Universitaires de Gen\u00e8ve HUG<\/strong><br \/>\nhttps:\/\/www.hug-ge.ch\/pharmacologie-toxicologie-cliniques\/activites-centre-multidisciplinaire-douleur<\/p>\n<p style=\"text-align: center;\"><strong>Clinique de la douleur &#8211; La Tour, GE<\/strong><br \/>\nhttps:\/\/www.la-tour.ch\/fr\/offre-de-soins\/clinique-de-la-douleur<\/p>\n<p style=\"text-align: center;\"><strong>H\u00f4pital Fribourgeois, FR<\/strong><br \/>\nhttps:\/\/www.h-fr.ch\/nos-specialites\/nos-centres-de-competences\/centre-de-la-douleur<\/p>\n<p style=\"text-align: center;\"><strong>La Providence H\u00f4pital, NE<\/strong><br \/>\nhttps:\/\/www.hopital-providence.ch\/nos-specialites\/antalgie[\/vc_column_text][\/vc_column][vc_column width=\u00a0\u00bb1\/2&Prime;][vc_custom_heading text=\u00a0\u00bbSP\u00c9CIALISTES DE LA DOULEUR OU AUTRES DOMAINES\u00a0\u00bb font_container=\u00a0\u00bbtag:h2|font_size:25px|text_align:center|line_height:25px\u00a0\u00bb el_class=\u00a0\u00bbbottom-line line-center\u00a0\u00bb][vc_column_text css=\u00a0\u00bb.vc_custom_1587125448347{margin-top: 25px !important;}\u00a0\u00bb]<\/p>\n<p style=\"text-align: center;\">Rendez-vous sur ce lien:<\/p>\n<p style=\"text-align: center;\"><a href=\"https:\/\/doctorfmh.ch\/\">https:\/\/doctorfmh.ch\/<\/a><\/p>\n<p style=\"text-align: center;\">Effectuez une recherche avanc\u00e9e en fonction de vos besoins et sous \u00ab\u00a0Titre de sp\u00e9cialiste et m\u00e9decin praticien \/ sp\u00e9cialisation \u00a0\u00bb choisir la sp\u00e9cialisation souhait\u00e9e.<\/p>\n<p>&nbsp;<\/p>\n<p>&nbsp;[\/vc_column_text][vc_separator color=\u00a0\u00bbblack\u00a0\u00bb][vc_custom_heading text=\u00a0\u00bbCENTRES M\u00c9DICAUX SOCIAUX\u00a0\u00bb font_container=\u00a0\u00bbtag:h2|font_size:25px|text_align:center|line_height:35px\u00a0\u00bb el_class=\u00a0\u00bbbottom-line line-center\u00a0\u00bb][vc_column_text css=\u00a0\u00bb.vc_custom_1585829010467{margin-top: 25px !important;}\u00a0\u00bb]<\/p>\n<p style=\"text-align: center;\">\n<a href=\"http:\/\/www.cms-smz.ch\/aide-soin-domicile\/trouver-votre.html\">Trouver votre CMS<\/a>[\/vc_column_text][\/vc_column][\/vc_row][vc_row][vc_column][vc_separator color=\u00a0\u00bbblack\u00a0\u00bb][\/vc_column][vc_column width=\u00a0\u00bb1\/2&Prime;][vc_custom_heading text=\u00a0\u00bbDIVERS\u00a0\u00bb font_container=\u00a0\u00bbtag:h2|font_size:32px|text_align:center|line_height:35px\u00a0\u00bb el_class=\u00a0\u00bbbottom-line line-center\u00a0\u00bb][vc_column_text css=\u00a0\u00bb.vc_custom_1585819854584{margin-top: 25px !important;}\u00a0\u00bb]<\/p>\n<div id=\"WEa20b311419\" class=\"BaseDiv RBoth OEWECadre OESK_WECadre_Default\">\n<div class=\"OESZ OESZ_DivContent OESZG_WEa20b311419\">\n<div class=\"OESZ OESZ_DivContent OESZG_WE138b943390\">\n<p style=\"text-align: left;\"><strong><br \/>\nDictionnaire de diverses pathologies<\/strong><br \/>\n<a href=\"http:\/\/www.vulgaris-medical.com\/\">http:\/\/www.vulgaris-medical.com\/<\/a><\/p>\n<p style=\"text-align: left;\"><strong>H\u00f4pital du valais, service du traitement de la douleur<\/strong><br \/>\n<a href=\"https:\/\/www.hopitalduvalais.ch\/fr\/disciplines-medicales\/disciplines-de-a-a-z\/anesthesiologie-et-reanimation\/centre-du-traitement-de-la-douleur.html\">https:\/\/www.hopitalduvalais.ch\/fr\/disciplines-medicales\/disciplines-de-a-a-z\/anesthesiologie-et-reanimation\/centre-du-traitement-de-la-douleur.html<\/a><\/p>\n<p style=\"text-align: left;\"><span class=\"ContentBox\"><strong>Institut Suisse du traitement de la Douleur \u00e0 Lausanne<\/strong><br \/>\n<a href=\"https:\/\/www.swisspain.ch\/\">https:\/\/www.swisspain.ch\/<\/a><\/span><\/p>\n<p style=\"text-align: left;\"><strong>Divers Centres en Suisse Romande du traitement de la Douleur<\/strong><br \/>\n<a href=\"http:\/\/avadol.ch\/wp-content\/uploads\/2019\/01\/listeDiversCentres.pdf\">Lien vers PDF<\/a><\/p>\n<p style=\"text-align: left;\"><strong>Soci\u00e9t\u00e9 m\u00e9dicale du Valais<\/strong><br \/>\n<a href=\"http:\/\/www.smvs.ch\/fr\/\">http:\/\/www.smvs.ch\/fr\/<\/a><\/p>\n<p style=\"text-align: left;\"><strong>Sant\u00e9 romande<\/strong><br \/>\n<a href=\"http:\/\/www.santeromande.ch\/\">http:\/\/www.santeromande.ch\/<\/a><\/p>\n<p style=\"text-align: left;\"><strong>Programme pour la gestion des maladies chroniques<\/strong><br \/>\n<a href=\"http:\/\/www.evivo.ch\/\" onclick=\"window.open(this.href);return false\">http:\/\/www.evivo.ch\/\u00a0<\/a><\/p>\n<p style=\"text-align: left;\">Nous entendons de plus en plus parler du <strong>traitement de la douleur par le cannabis<\/strong>. Voici un site sur lequel vous trouverez des informations officielles et compl\u00e8tes quant \u00e0 cette m\u00e9dication.<br \/>\n<a href=\"http:\/\/www.swissinfo.ch\/fre\/longform\/cannabis%20la%20renaissance\" onclick=\"window.open(this.href);return false\"> \u00a0http:\/\/www.swissinfo.ch\/<\/a><\/p>\n<p style=\"text-align: left;\"><strong>Clinique de la douleur \u00e0 B\u00e2le<\/strong><br \/>\nIl est important de savoir ce qu\u2019il existe comme \u00e9tablissement sp\u00e9cialis\u00e9 dans la prise en charge de la douleur. Il est vrai elle se trouve en suisse allemande, mais la douleur n\u2019a pas de fronti\u00e8re, alors sa prise en charge non plus.<br \/>\n<a href=\"http:\/\/schmerzklinik.ch\/de\" onclick=\"window.open(this.href);return false\"> \u00a0http:\/\/schmerzklinik.ch\/de<\/a><\/p>\n<p style=\"text-align: left;\"><a href=\"http:\/\/www.santeromande.ch\/cgi-romandie\/search.pl?browse+ASS+VS\" onclick=\"window.open(this.href);return false\"><\/a><br \/>\nIl existe en <strong>Suisse allemande une association de personnes vivant la douleur chronique<\/strong> \u00e0 l\u2019h\u00f4pital de B\u00e2le<br \/>\n<a href=\"http:\/\/www.ksbl.ch\/kompetenzen\/kliniken\/schmerztherapie\" onclick=\"window.open(this.href);return false\">www.ksbl.ch\/<\/a><\/p>\n<\/div>\n<\/div>\n<\/div>\n<p>[\/vc_column_text][\/vc_column][vc_column width=\u00a0\u00bb1\/2&Prime;][vc_custom_heading text=\u00a0\u00bbLiens Externes\u00a0\u00bb font_container=\u00a0\u00bbtag:h2|font_size:32px|text_align:center|line_height:35px\u00a0\u00bb el_class=\u00a0\u00bbbottom-line line-center\u00a0\u00bb][vc_column_text css=\u00a0\u00bb.vc_custom_1587125705026{margin-top: 25px !important;}\u00a0\u00bb]<strong><br \/>\nL\u2019institut international d\u2019\u00e9tude de la douleur<br \/>\n<\/strong><a href=\"https:\/\/www.iasp-pain.org\/\">https:\/\/www.iasp-pain.org\/<\/a><\/p>\n<p><strong>Les m\u00e9canismes physiologiques de la douleur<br \/>\n<\/strong><a href=\"https:\/\/www.cen-neurologie.fr\/deuxieme-cycle\/bases-neurophysiologiques-mecanismes-physiopathologiques-dune-douleur-aigue-dune\">https:\/\/www.cen-neurologie.fr\/deuxieme-cycle\/bases-neurophysiologiques-mecanismes-physiopathologiques-dune-douleur-aigue-dune<\/a><\/p>\n<p><strong>L\u2019institut de recherche national fran\u00e7ais:<br \/>\n<\/strong><a href=\"https:\/\/www.inserm.fr\/information-en-sante\/dossiers-information\/douleur\">https:\/\/www.inserm.fr\/information-en-sante\/dossiers-information\/douleur<\/a><\/p>\n<p><strong>Article de la Revue M\u00e9dicale Suisse sur l\u2019inclusion des douleurs chroniques dans la nouvelle classification internationale des maladies (CIM-11):<br \/>\n<\/strong><a href=\"https:\/\/www.revmed.ch\/RMS\/2019\/RMS-N-656\/Douleurs-chroniques-du-symptome-a-l-homme-souffrant\">https:\/\/www.revmed.ch\/RMS\/2019\/RMS-N-656\/Douleurs-chroniques-du-symptome-a-l-homme-souffrant<\/a><\/p>\n<p><strong>Site d\u2019informations et d\u2019\u00e9tudes syst\u00e9matiques sur la sant\u00e9, les pathologies, les traitements et la recherche:<br \/>\n<\/strong><a href=\"https:\/\/www.cochrane.org\/fr\/evidence\">https:\/\/www.cochrane.org\/fr\/evidence<\/a><\/p>\n<p><strong>Associations nationales de la douleur chronique:<br \/>\n<\/strong><a href=\"http:\/\/www.douleurchronique.fr\/\">http:\/\/www.douleurchronique.fr<\/a><br \/>\n<a href=\"http:\/\/www.douleurchronique.org\/\">http:\/\/www.douleurchronique.org<\/a><br \/>\n<a href=\"http:\/\/www.theacpa.org\/\">http:\/\/www.theacpa.org<\/a><\/p>\n<p><strong>Swiss Pain Society<br \/>\n<\/strong><a href=\"https:\/\/swisspainsociety.ch\/fr\/\">www.swisspainsociety.ch\/fr\/<\/a>[\/vc_column_text][\/vc_column][\/vc_row]<\/p>\n","protected":false},"excerpt":{"rendered":"<p>[vc_row][vc_column][vc_custom_heading text=\u00a0\u00bbENTRAIDE VALAISANNE\u00a0\u00bb font_container=\u00a0\u00bbtag:h2|font_size:25px|text_align:center|line_height:35px\u00a0\u00bb el_class=\u00a0\u00bbbottom-line line-center\u00a0\u00bb][\/vc_column][\/vc_row][vc_row][vc_column width=\u00a0\u00bb1\/2&Prime;][vc_column_text css=\u00a0\u00bb.vc_custom_1585828882172{margin-top: 25px !important;}\u00a0\u00bb] Proches aidants http:\/\/www.proches-aidants-valais.ch\/ Emera\u00a0 http:\/\/www.emera.ch\/ Croix-Rouge Valais http:\/\/www.croix-rouge-valais.ch\/\u00a0 Procap\u00a0 http:\/\/www.procap.ch\u00a0 Pro Senectute\u00a0 http:\/\/www.vs.pro-senectute.ch\/\u00a0 R\u00e9seau d\u2019entraide valaisan\u00a0 \u00a0http:\/\/www.revs.ch\/fr\/ Soci\u00e9t\u00e9 m\u00e9dicale du Valais \u00a0http:\/\/www.smvs.ch\/fr\/ Association de d\u00e9fense des patients domicili\u00e9s en Valais \u00a0https:\/\/adpval.ch\/fr\/[\/vc_column_text][\/vc_column][vc_column width=\u00a0\u00bb1\/2&Prime;][vc_column_text css=\u00a0\u00bb.vc_custom_1585828893741{margin-top: 25px !important;}\u00a0\u00bb] Maraval \u00a0https:\/\/maraval.ch\/ Ligue Valaisanne contre le rhumatismes \u00a0https:\/\/www.ligues-rhumatisme.ch\/vs Soci\u00e9t\u00e9 m\u00e9dicale du Valais \u00a0http:\/\/www.smvs.ch\/fr\/ Fibromyalgie Valais http:\/\/www.suisse-fibromyalgie.ch\/fr\/entraide\/valais Association des Di\u00e9t\u00e9ticiennes ASDD https:\/\/www.gvsdd.ch\/ Association suisse des Physioth\u00e9rapeutes https:\/\/www.physioswiss.ch\/fr Association des Ost\u00e9opathes http:\/\/www.osteopathie-valais.ch\/[\/vc_column_text][\/vc_column][vc_column][vc_separator color=\u00a0\u00bbblack\u00a0\u00bb][\/vc_column][\/vc_row][vc_row][vc_column width=\u00a0\u00bb1\/2&Prime;][vc_custom_heading text=\u00a0\u00bbCentres d&rsquo;antalgie Romands\u00a0\u00bb font_container=\u00a0\u00bbtag:h2|font_size:25px|text_align:center|line_height:35px\u00a0\u00bb el_class=\u00a0\u00bbbottom-line line-center\u00a0\u00bb][vc_column_text css=\u00a0\u00bb.vc_custom_1587116671096{margin-top: 25px !important;}\u00a0\u00bb] Centre du traitement de la douleur, Martigny VS https:\/\/www.hopitalduvalais.ch\/fr\/disciplines-medicales\/disciplines-de-a-a-z\/anesthesiologie-et-reanimation\/centre-du-traitement-de-la-douleur.html Institut Suisse de la douleur, Lausanne VD https:\/\/www.swisspain.ch\/ Centre d&rsquo;antalgie du CHUV, Lausanne VD https:\/\/www.chuv.ch\/fr\/anesthesiologie\/alg-home\/patients-et-familles\/centre-dantalgie\/ Centre Anti-Douleur, Lausanne VD https:\/\/www.analgesie.ch\/contact Centre d&rsquo;antalgie &#8211; H\u00f4pital de Morges, VD https:\/\/www.ehc-vd.ch\/prestation\/antalgie-traitement-de-la-douleur Etablissement Hospitaliers du Nord Vaudois https:\/\/www.ehnv.ch\/specialites\/anesthesiologie H\u00f4pitaux Universitaires de Gen\u00e8ve HUG https:\/\/www.hug-ge.ch\/pharmacologie-toxicologie-cliniques\/activites-centre-multidisciplinaire-douleur Clinique de la douleur &#8211; La Tour, GE https:\/\/www.la-tour.ch\/fr\/offre-de-soins\/clinique-de-la-douleur H\u00f4pital Fribourgeois, FR https:\/\/www.h-fr.ch\/nos-specialites\/nos-centres-de-competences\/centre-de-la-douleur La Providence H\u00f4pital, NE https:\/\/www.hopital-providence.ch\/nos-specialites\/antalgie[\/vc_column_text][\/vc_column][vc_column width=\u00a0\u00bb1\/2&Prime;][vc_custom_heading text=\u00a0\u00bbSP\u00c9CIALISTES DE LA DOULEUR OU AUTRES DOMAINES\u00a0\u00bb font_container=\u00a0\u00bbtag:h2|font_size:25px|text_align:center|line_height:25px\u00a0\u00bb el_class=\u00a0\u00bbbottom-line line-center\u00a0\u00bb][vc_column_text css=\u00a0\u00bb.vc_custom_1587125448347{margin-top: 25px !important;}\u00a0\u00bb] Rendez-vous sur ce lien: https:\/\/doctorfmh.ch\/ Effectuez une recherche avanc\u00e9e en fonction de vos besoins et sous \u00ab\u00a0Titre de sp\u00e9cialiste et m\u00e9decin praticien \/ sp\u00e9cialisation \u00a0\u00bb choisir la sp\u00e9cialisation souhait\u00e9e. &nbsp; &nbsp;[\/vc_column_text][vc_separator color=\u00a0\u00bbblack\u00a0\u00bb][vc_custom_heading text=\u00a0\u00bbCENTRES M\u00c9DICAUX SOCIAUX\u00a0\u00bb font_container=\u00a0\u00bbtag:h2|font_size:25px|text_align:center|line_height:35px\u00a0\u00bb el_class=\u00a0\u00bbbottom-line line-center\u00a0\u00bb][vc_column_text css=\u00a0\u00bb.vc_custom_1585829010467{margin-top: 25px !important;}\u00a0\u00bb] Trouver votre CMS[\/vc_column_text][\/vc_column][\/vc_row][vc_row][vc_column][vc_separator color=\u00a0\u00bbblack\u00a0\u00bb][\/vc_column][vc_column width=\u00a0\u00bb1\/2&Prime;][vc_custom_heading text=\u00a0\u00bbDIVERS\u00a0\u00bb font_container=\u00a0\u00bbtag:h2|font_size:32px|text_align:center|line_height:35px\u00a0\u00bb el_class=\u00a0\u00bbbottom-line line-center\u00a0\u00bb][vc_column_text css=\u00a0\u00bb.vc_custom_1585819854584{margin-top: 25px !important;}\u00a0\u00bb] Dictionnaire de diverses pathologies http:\/\/www.vulgaris-medical.com\/ H\u00f4pital du valais, service du traitement de la douleur https:\/\/www.hopitalduvalais.ch\/fr\/disciplines-medicales\/disciplines-de-a-a-z\/anesthesiologie-et-reanimation\/centre-du-traitement-de-la-douleur.html Institut Suisse du traitement de la Douleur \u00e0 Lausanne https:\/\/www.swisspain.ch\/ Divers Centres en Suisse Romande du traitement de la Douleur Lien vers PDF Soci\u00e9t\u00e9 m\u00e9dicale du Valais http:\/\/www.smvs.ch\/fr\/ Sant\u00e9 romande http:\/\/www.santeromande.ch\/ Programme pour la gestion des maladies chroniques http:\/\/www.evivo.ch\/\u00a0 Nous entendons de plus en plus parler du traitement de la douleur par le cannabis. Voici un site sur lequel vous trouverez des informations officielles et compl\u00e8tes quant \u00e0 cette m\u00e9dication. \u00a0http:\/\/www.swissinfo.ch\/ Clinique de la douleur \u00e0 B\u00e2le Il est important de savoir ce qu\u2019il existe comme \u00e9tablissement sp\u00e9cialis\u00e9 dans la prise en charge de la douleur. Il est vrai elle se trouve en suisse allemande, mais la douleur n\u2019a pas de fronti\u00e8re, alors sa prise en charge non plus. \u00a0http:\/\/schmerzklinik.ch\/de Il existe en Suisse allemande une association de personnes vivant la douleur chronique \u00e0 l\u2019h\u00f4pital de B\u00e2le www.ksbl.ch\/ [\/vc_column_text][\/vc_column][vc_column width=\u00a0\u00bb1\/2&Prime;][vc_custom_heading text=\u00a0\u00bbLiens Externes\u00a0\u00bb font_container=\u00a0\u00bbtag:h2|font_size:32px|text_align:center|line_height:35px\u00a0\u00bb el_class=\u00a0\u00bbbottom-line line-center\u00a0\u00bb][vc_column_text css=\u00a0\u00bb.vc_custom_1587125705026{margin-top: 25px !important;}\u00a0\u00bb] L\u2019institut international d\u2019\u00e9tude de la douleur https:\/\/www.iasp-pain.org\/ Les m\u00e9canismes physiologiques de la douleur https:\/\/www.cen-neurologie.fr\/deuxieme-cycle\/bases-neurophysiologiques-mecanismes-physiopathologiques-dune-douleur-aigue-dune L\u2019institut de recherche national fran\u00e7ais: https:\/\/www.inserm.fr\/information-en-sante\/dossiers-information\/douleur Article de la Revue M\u00e9dicale Suisse sur l\u2019inclusion des douleurs chroniques dans la nouvelle classification internationale des maladies (CIM-11): https:\/\/www.revmed.ch\/RMS\/2019\/RMS-N-656\/Douleurs-chroniques-du-symptome-a-l-homme-souffrant Site d\u2019informations et d\u2019\u00e9tudes syst\u00e9matiques sur la sant\u00e9, les pathologies, les traitements et la recherche: https:\/\/www.cochrane.org\/fr\/evidence Associations nationales de la douleur chronique: http:\/\/www.douleurchronique.fr http:\/\/www.douleurchronique.org http:\/\/www.theacpa.org Swiss Pain Society www.swisspainsociety.ch\/fr\/[\/vc_column_text][\/vc_column][\/vc_row]<\/p>\n","protected":false},"author":3,"featured_media":0,"parent":0,"menu_order":0,"comment_status":"closed","ping_status":"closed","template":"","meta":[],"_links":{"self":[{"href":"https:\/\/avadol.ch\/index.php?rest_route=\/wp\/v2\/pages\/3680"}],"collection":[{"href":"https:\/\/avadol.ch\/index.php?rest_route=\/wp\/v2\/pages"}],"about":[{"href":"https:\/\/avadol.ch\/index.php?rest_route=\/wp\/v2\/types\/page"}],"author":[{"embeddable":true,"href":"https:\/\/avadol.ch\/index.php?rest_route=\/wp\/v2\/users\/3"}],"replies":[{"embeddable":true,"href":"https:\/\/avadol.ch\/index.php?rest_route=%2Fwp%2Fv2%2Fcomments&post=3680"}],"version-history":[{"count":18,"href":"https:\/\/avadol.ch\/index.php?rest_route=\/wp\/v2\/pages\/3680\/revisions"}],"predecessor-version":[{"id":3846,"href":"https:\/\/avadol.ch\/index.php?rest_route=\/wp\/v2\/pages\/3680\/revisions\/3846"}],"wp:attachment":[{"href":"https:\/\/avadol.ch\/index.php?rest_route=%2Fwp%2Fv2%2Fmedia&parent=3680"}],"curies":[{"name":"wp","href":"https:\/\/api.w.org\/{rel}","templated":true}]}}